{"id":4068,"date":"2024-03-09T15:54:56","date_gmt":"2024-03-09T14:54:56","guid":{"rendered":"https:\/\/www.penzionstaracelnice.cz\/pokoje\/303-at-the-oak\/"},"modified":"2024-06-20T20:56:12","modified_gmt":"2024-06-20T18:56:12","slug":"303-at-the-oak","status":"publish","type":"pokoje","link":"https:\/\/www.penzionstaracelnice.cz\/pl\/pokoje\/303-at-the-oak\/","title":{"rendered":"303 At the Oak"},"content":{"rendered":"<p>Mo\u017cna te\u017c odpocz\u0105\u0107 na wygodnej sofie lub w fotelu, ogl\u0105daj\u0105c ewentualnie telewizor LCD, gdzie dzi\u0119ki serwisom takim jak Netflix czy YouTube znajdziesz mn\u00f3stwo program\u00f3w w j\u0119zyku czeskim, niemieckim czy angielskim. Ale je\u015bli naprawd\u0119 nie wybra\u0142e\u015b spo\u015br\u00f3d setek program\u00f3w, mo\u017cesz pod\u0142\u0105czy\u0107 telefon lub laptop do telewizora i cieszy\u0107 si\u0119 rozrywk\u0105 dok\u0142adnie wed\u0142ug w\u0142asnego gustu. By\u0107 mo\u017ce tak\u017ce dzi\u0119ki wysokiej jako\u015bci po\u0142\u0105czeniu Wi-Fi.  <\/p>\n<p>Opr\u00f3cz kabiny prysznicowej, umywalki i toalety, w \u0142azience znajdziesz tak\u017ce podstawowe artyku\u0142y higieniczne (szampon, \u017cel pod prysznic, od\u017cywk\u0119, lakier do w\u0142os\u00f3w, p\u0142yn do demakija\u017cu, balsam do cia\u0142a). Do Twojej dyspozycji b\u0119dzie tak\u017ce wydajna suszarka do w\u0142os\u00f3w. Mo\u017cna tak\u017ce skorzysta\u0107 z pralki i suszarki lub \u017celazka i deski do prasowania.  <\/p>\n<p>Dzi\u0119ki czajnikowi z \u0142atwo\u015bci\u0105 przygotujesz herbat\u0119 (za darmo) bezpo\u015brednio w swoim pokoju. W minibarze czeka na Pa\u0144stwa mi\u0119dzy innymi kilka butelek wina Litom\u011b\u0159ice i piwa Pilsner. Gdy najdzie Ci\u0119 ochota na kaw\u0119, mo\u017cesz j\u0105 bezp\u0142atnie przygotowa\u0107 w wysokiej jako\u015bci ekspresie, kt\u00f3ry jest do Twojej dyspozycji przez ca\u0142y dzie\u0144 w kuchni na 2. pi\u0119trze oraz w \u015bwietlicy na parterze. Tam ka\u017cdego ranka powita Pa\u0144stwa bogaty bufet \u015bniadaniowy, kt\u00f3ry jest ju\u017c wliczony w cen\u0119 noclegu. \u015aniadaniem mo\u017cna r\u00f3wnie\u017c delektowa\u0107 si\u0119 na tarasie.     <\/p>\n","protected":false},"excerpt":{"rendered":"<p>Apartament ten dysponuje oddzielnym wej\u015bciem i prywatnym parkingiem dla maksymalnie 2 samochod\u00f3w. Apartament jest podzielony na pok\u00f3j 303a, kt\u00f3ry s\u0142u\u017cy jako pok\u00f3j dla dw\u00f3ch os\u00f3b z podw\u00f3jnym \u0142\u00f3\u017ckiem, oraz pok\u00f3j 303b, kt\u00f3ry jest wyposa\u017cony w przestronne podw\u00f3jne \u0142\u00f3\u017cko i mo\u017cliwo\u015b\u0107 wysokiej jako\u015bci dostawki dla dw\u00f3ch os\u00f3b. S\u0142u\u017cy jako bardzo przestronny pok\u00f3j dla dw\u00f3ch os\u00f3b, ale dzi\u0119ki wysokiej jako\u015bci, szerokiemu dodatkowemu \u0142\u00f3\u017cku mo\u017ce z \u0142atwo\u015bci\u0105 przekszta\u0142ci\u0107 si\u0119 w pok\u00f3j dla maksymalnie czterech nocuj\u0105cych go\u015bci. Du\u017cy telewizor z Netflixem, kawa, herbata, suszarka do w\u0142os\u00f3w, lod\u00f3wka i bezp\u0142atny zestaw kosmetyk\u00f3w to tak\u017ce standardowe wyposa\u017cenie. W pokoju znajduje si\u0119 minibar. Na \u017cyczenie dost\u0119pne jest r\u00f3wnie\u017c \u0142\u00f3\u017ceczko dzieci\u0119ce i krzese\u0142ko do karmienia. &hellip; <a href=\"https:\/\/www.penzionstaracelnice.cz\/pl\/pokoje\/303-at-the-oak\/\">Read More<\/a><\/p>\n","protected":false},"featured_media":3981,"template":"","class_list":["post-4068","pokoje","type-pokoje","status-publish","has-post-thumbnail","hentry"],"acf":[],"_links":{"self":[{"href":"https:\/\/www.penzionstaracelnice.cz\/pl\/wp-json\/wp\/v2\/pokoje\/4068","targetHints":{"allow":["GET"]}}],"collection":[{"href":"https:\/\/www.penzionstaracelnice.cz\/pl\/wp-json\/wp\/v2\/pokoje"}],"about":[{"href":"https:\/\/www.penzionstaracelnice.cz\/pl\/wp-json\/wp\/v2\/types\/pokoje"}],"wp:featuredmedia":[{"embeddable":true,"href":"https:\/\/www.penzionstaracelnice.cz\/pl\/wp-json\/wp\/v2\/media\/3981"}],"wp:attachment":[{"href":"https:\/\/www.penzionstaracelnice.cz\/pl\/wp-json\/wp\/v2\/media?parent=4068"}],"curies":[{"name":"wp","href":"https:\/\/api.w.org\/{rel}","templated":true}]}}